{"id":8434,"date":"2023-12-07T13:34:47","date_gmt":"2023-12-07T12:34:47","guid":{"rendered":"https:\/\/mecasbl.lu\/?post_type=product&#038;p=8434"},"modified":"2025-09-26T12:57:57","modified_gmt":"2025-09-26T10:57:57","slug":"francais-debutants-a-2-1-matin-la-fr-710","status":"publish","type":"product","link":"https:\/\/mecasbl.lu\/en\/produit\/francais-debutants-a-2-1-matin-la-fr-710\/","title":{"rendered":"Fran\u00e7ais d\u00e9butants A.2.1 \u2013 matin \u2013 LA-FR-710"},"content":{"rendered":"<div class=\"wpb_text_column wpb_content_element \">\n<div class=\"wpb_wrapper\">\n<div class=\"wpb_text_column wpb_content_element \">\n<div class=\"wpb_wrapper\">\n<div class=\"col-xs-12 col-md-12\">\n<p>Connaissances requises<\/p>\n<p>&nbsp;<\/p>\n<table class=\"table tableseperator\">\n<tbody>\n<tr>\n<td><strong>Formatrice<br \/>\n<\/strong><\/td>\n<td><span data-doc-id=\"3314998000000855067\" data-doc-type=\"writer\">C\u00e9cile Liket<\/span><\/td>\n<\/tr>\n<tr>\n<td><strong>Lieu<\/strong><\/td>\n<td><span data-doc-id=\"3314998000000855067\" data-doc-type=\"writer\">Maison r\u00e9gionale, 9 rue Andr\u00e9 Duchscher<\/span>, L-6434 Echternach<\/td>\n<\/tr>\n<tr>\n<td><strong>Heure et date<\/strong><\/td>\n<td>8h00 \u00e0 10h00<\/p>\n<p>3x sem. &#8211; le lundi, le mercredi et le jeudi \u2013 du 28 avril 2025 au 9 juillet 2025<\/td>\n<\/tr>\n<tr>\n<td><strong>Dur\u00e9e<\/strong><\/td>\n<td>60 heures &#8211; 10 semaines<\/td>\n<\/tr>\n<\/tbody>\n<\/table>\n<p>&nbsp;<\/p>\n<p><strong>Les b\u00e9n\u00e9ficiaires d\u2019un bon<\/strong> pour tarif r\u00e9duit sont pri\u00e9s de faire parvenir leur bon par courrier, au bureau du MEC asbl (9 rue Andr\u00e9 Duchscher L-6434 Echternach) ou par email : <a href=\"mailto:info@mecasbl.lu\">info@mecasbl.lu<\/a>. Les bons dat\u00e9s apr\u00e8s la date de commencement du cours ne sont pas accept\u00e9s.<\/p>\n<p><strong>Aucun remboursement ne sera accord\u00e9 sans raison valable<\/strong>.<\/p>\n<\/div>\n<\/div>\n<\/div>\n<\/div>\n<\/div>\n","protected":false},"excerpt":{"rendered":"<p>Connaissances requises &nbsp; Formatrice C\u00e9cile Liket Lieu Maison r\u00e9gionale, 9 rue Andr\u00e9 Duchscher, L-6434 Echternach Heure et date 8h00 \u00e0 10h00 3x sem. &#8211; le lundi, le mercredi et le jeudi \u2013 du 28 avril 2025 au 9 juillet 2025 Dur\u00e9e 60 heures &#8211; 10 semaines &nbsp; Les b\u00e9n\u00e9ficiaires d\u2019un bon pour tarif r\u00e9duit sont [&hellip;]<\/p>\n","protected":false},"featured_media":5456,"template":"","meta":{"_seopress_robots_primary_cat":"none","_seopress_titles_title":"","_seopress_titles_desc":"","_seopress_robots_index":"","inline_featured_image":false},"product_brand":[],"product_cat":[30],"product_tag":[],"class_list":{"0":"post-8434","1":"product","2":"type-product","3":"status-publish","4":"has-post-thumbnail","6":"product_cat-francais","8":"first","9":"outofstock","10":"sold-individually","11":"shipping-taxable","12":"purchasable","13":"product-type-variable"},"_links":{"self":[{"href":"https:\/\/mecasbl.lu\/en\/wp-json\/wp\/v2\/product\/8434","targetHints":{"allow":["GET"]}}],"collection":[{"href":"https:\/\/mecasbl.lu\/en\/wp-json\/wp\/v2\/product"}],"about":[{"href":"https:\/\/mecasbl.lu\/en\/wp-json\/wp\/v2\/types\/product"}],"wp:featuredmedia":[{"embeddable":true,"href":"https:\/\/mecasbl.lu\/en\/wp-json\/wp\/v2\/media\/5456"}],"wp:attachment":[{"href":"https:\/\/mecasbl.lu\/en\/wp-json\/wp\/v2\/media?parent=8434"}],"wp:term":[{"taxonomy":"product_brand","embeddable":true,"href":"https:\/\/mecasbl.lu\/en\/wp-json\/wp\/v2\/product_brand?post=8434"},{"taxonomy":"product_cat","embeddable":true,"href":"https:\/\/mecasbl.lu\/en\/wp-json\/wp\/v2\/product_cat?post=8434"},{"taxonomy":"product_tag","embeddable":true,"href":"https:\/\/mecasbl.lu\/en\/wp-json\/wp\/v2\/product_tag?post=8434"}],"curies":[{"name":"wp","href":"https:\/\/api.w.org\/{rel}","templated":true}]}}