{"id":7396,"date":"2023-06-01T15:34:27","date_gmt":"2023-06-01T13:34:27","guid":{"rendered":"https:\/\/mecasbl.lu\/?post_type=product&#038;p=7396"},"modified":"2023-12-07T14:58:39","modified_gmt":"2023-12-07T13:58:39","slug":"anglais-conversation-matin-la-en-38","status":"publish","type":"product","link":"https:\/\/mecasbl.lu\/en\/produit\/anglais-conversation-matin-la-en-38\/","title":{"rendered":"Anglais conversation \u2013 matin \u2013 LA-EN-38"},"content":{"rendered":"<div class=\"wpb_text_column wpb_content_element \">\n<div class=\"wpb_wrapper\">\n<div class=\"wpb_text_column wpb_content_element \">\n<div class=\"wpb_wrapper\">\n<div class=\"col-xs-12 col-md-12\">\n<p>Connaissances requises<\/p>\n<p>&nbsp;<\/p>\n<table class=\"table tableseperator\">\n<tbody>\n<tr>\n<td><strong>Formatrice<br \/>\n<\/strong><\/td>\n<td><span data-doc-id=\"3314998000000253135\" data-doc-type=\"writer\">Phil<\/span>ippe Thomas<\/td>\n<\/tr>\n<tr>\n<td><strong>Lieu<\/strong><\/td>\n<td><span data-doc-id=\"3314998000000253135\" data-doc-type=\"writer\">Centre culturel Fra\u00efhof <\/span>\u2013 3a rue de la Montagne, L-6586\u00a0Steinheim<\/td>\n<\/tr>\n<tr>\n<td><strong>Heure et date<\/strong><\/td>\n<td><span data-doc-id=\"3314998000000253135\" data-doc-type=\"writer\">9<\/span>h30 \u00e0 11h30<\/p>\n<p><span data-doc-id=\"3314998000000253135\" data-doc-type=\"writer\">1<\/span>x Sem. \u2013 le mercredi \u2013 du 28 septembre 2023 au 3 juillet 2024<\/td>\n<\/tr>\n<tr>\n<td><strong>Dur\u00e9e<\/strong><\/td>\n<td><span data-doc-id=\"3314998000000253135\" data-doc-type=\"writer\">180<\/span> euros \u2013\u00a060 heures<span data-doc-id=\"3314998000000253135\" data-doc-type=\"writer\">\u00a0<\/span>\u2013\u00a030\u00a0semaines<\/td>\n<\/tr>\n<\/tbody>\n<\/table>\n<p>&nbsp;<\/p>\n<p><strong>Les b\u00e9n\u00e9ficiaires d\u2019un bon<\/strong> pour tarif r\u00e9duit sont pri\u00e9s de faire parvenir leur bon par courrier, au bureau du MEC asbl (9 rue Andr\u00e9 Duchscher L-6434 Echternach) ou par email : <a href=\"mailto:info@mecasbl.lu\">info@mecasbl.lu<\/a>. Les bons dat\u00e9s apr\u00e8s la date de commencement du cours ne sont pas accept\u00e9s.<\/p>\n<p><strong>Aucun remboursement ne sera accord\u00e9 sans raison valable<\/strong>.<\/p>\n<\/div>\n<\/div>\n<\/div>\n<\/div>\n<\/div>\n","protected":false},"excerpt":{"rendered":"<p>Connaissances requises &nbsp; Formatrice Philippe Thomas Lieu Centre culturel Fra\u00efhof \u2013 3a rue de la Montagne, L-6586\u00a0Steinheim Heure et date 9h30 \u00e0 11h30 1x Sem. \u2013 le mercredi \u2013 du 28 septembre 2023 au 3 juillet 2024 Dur\u00e9e 180 euros \u2013\u00a060 heures\u00a0\u2013\u00a030\u00a0semaines &nbsp; Les b\u00e9n\u00e9ficiaires d\u2019un bon pour tarif r\u00e9duit sont pri\u00e9s de faire parvenir [&hellip;]<\/p>\n","protected":false},"featured_media":7402,"template":"","meta":{"_seopress_robots_primary_cat":"none","_seopress_titles_title":"","_seopress_titles_desc":"","_seopress_robots_index":"","inline_featured_image":false},"product_brand":[],"product_cat":[31],"product_tag":[],"class_list":{"0":"post-7396","1":"product","2":"type-product","3":"status-publish","4":"has-post-thumbnail","6":"product_cat-anglais","8":"first","9":"outofstock","10":"sold-individually","11":"shipping-taxable","12":"purchasable","13":"product-type-variable"},"_links":{"self":[{"href":"https:\/\/mecasbl.lu\/en\/wp-json\/wp\/v2\/product\/7396","targetHints":{"allow":["GET"]}}],"collection":[{"href":"https:\/\/mecasbl.lu\/en\/wp-json\/wp\/v2\/product"}],"about":[{"href":"https:\/\/mecasbl.lu\/en\/wp-json\/wp\/v2\/types\/product"}],"wp:featuredmedia":[{"embeddable":true,"href":"https:\/\/mecasbl.lu\/en\/wp-json\/wp\/v2\/media\/7402"}],"wp:attachment":[{"href":"https:\/\/mecasbl.lu\/en\/wp-json\/wp\/v2\/media?parent=7396"}],"wp:term":[{"taxonomy":"product_brand","embeddable":true,"href":"https:\/\/mecasbl.lu\/en\/wp-json\/wp\/v2\/product_brand?post=7396"},{"taxonomy":"product_cat","embeddable":true,"href":"https:\/\/mecasbl.lu\/en\/wp-json\/wp\/v2\/product_cat?post=7396"},{"taxonomy":"product_tag","embeddable":true,"href":"https:\/\/mecasbl.lu\/en\/wp-json\/wp\/v2\/product_tag?post=7396"}],"curies":[{"name":"wp","href":"https:\/\/api.w.org\/{rel}","templated":true}]}}