{"id":12104,"date":"2021-06-21T10:55:47","date_gmt":"2021-06-21T08:55:47","guid":{"rendered":"https:\/\/mecasbl.lu\/exhibitions\/"},"modified":"2025-06-27T09:54:52","modified_gmt":"2025-06-27T07:54:52","slug":"exhibitions","status":"publish","type":"page","link":"https:\/\/mecasbl.lu\/en\/activities\/exhibitions\/","title":{"rendered":"Exhibitions"},"content":{"rendered":"\t\t<div data-elementor-type=\"wp-page\" data-elementor-id=\"12104\" class=\"elementor elementor-12104 elementor-61\" data-elementor-post-type=\"page\">\n\t\t\t\t\t\t<section class=\"elementor-section elementor-top-section elementor-element elementor-element-c705920 elementor-section-full_width elementor-section-height-min-height elementor-section-stretched elementor-section-height-default elementor-section-items-middle\" data-id=\"c705920\" data-element_type=\"section\" data-settings=\"{&quot;stretch_section&quot;:&quot;section-stretched&quot;,&quot;background_background&quot;:&quot;classic&quot;}\">\n\t\t\t\t\t\t\t<div class=\"elementor-background-overlay\"><\/div>\n\t\t\t\t\t\t\t<div class=\"elementor-container elementor-column-gap-default\">\n\t\t\t\t\t<div class=\"elementor-column elementor-col-100 elementor-top-column elementor-element elementor-element-fe517ab\" data-id=\"fe517ab\" data-element_type=\"column\" data-settings=\"{&quot;background_background&quot;:&quot;classic&quot;}\">\n\t\t\t<div class=\"elementor-widget-wrap elementor-element-populated\">\n\t\t\t\t\t\t<div class=\"elementor-element elementor-element-8e36ef6 elementor-widget elementor-widget-heading\" data-id=\"8e36ef6\" data-element_type=\"widget\" data-widget_type=\"heading.default\">\n\t\t\t\t<div class=\"elementor-widget-container\">\n\t\t\t\t\t<h1 class=\"elementor-heading-title elementor-size-default\">Exhibitions<\/h1>\t\t\t\t<\/div>\n\t\t\t\t<\/div>\n\t\t\t\t\t<\/div>\n\t\t<\/div>\n\t\t\t\t\t<\/div>\n\t\t<\/section>\n\t\t\t\t<section class=\"elementor-section elementor-top-section elementor-element elementor-element-de450ec elementor-section-boxed elementor-section-height-default elementor-section-height-default\" data-id=\"de450ec\" data-element_type=\"section\">\n\t\t\t\t\t\t<div class=\"elementor-container elementor-column-gap-default\">\n\t\t\t\t\t<div class=\"elementor-column elementor-col-100 elementor-top-column elementor-element elementor-element-171c483\" data-id=\"171c483\" data-element_type=\"column\">\n\t\t\t<div class=\"elementor-widget-wrap elementor-element-populated\">\n\t\t\t\t\t\t<div class=\"elementor-element elementor-element-48d08d0 elementor-widget elementor-widget-pp-breadcrumbs\" data-id=\"48d08d0\" data-element_type=\"widget\" data-settings=\"{&quot;breadcrumbs_type&quot;:&quot;powerpack&quot;}\" data-widget_type=\"pp-breadcrumbs.default\">\n\t\t\t\t<div class=\"elementor-widget-container\">\n\t\t\t\t\t<ul class=\"pp-breadcrumbs pp-breadcrumbs-powerpack\">\t\t<li class=\"pp-breadcrumbs-item pp-breadcrumbs-item-home\">\n\t\t\t<a class=\"pp-breadcrumbs-crumb pp-breadcrumbs-crumb-link pp-breadcrumbs-crumb-home\" href=\"https:\/\/mecasbl.lu\/en\/\" title=\"Home\">\n\t\t\t\t<span class=\"pp-breadcrumbs-text\">\n\t\t\t\t\t\t\t\t\t\t\t<span class=\"pp-icon\">\n\t\t\t\t\t\t\t<i aria-hidden=\"true\" class=\"fas fa-home\"><\/i>\t\t\t\t\t\t<\/span>\n\t\t\t\t\t\t\t\t\t\tHome\t\t\t\t<\/span>\n\t\t\t<\/a>\n\t\t<\/li>\n\t\t<li class=\"pp-breadcrumbs-separator\">\t\t\t\t<span class='pp-separator-icon pp-icon'>\n\t\t\t\t\t<i aria-hidden=\"true\" class=\"fas fa-angle-right\"><\/i>\t\t\t\t<\/span>\n\t\t\t\t<\/li><\/ul>\t\t\t\t<\/div>\n\t\t\t\t<\/div>\n\t\t\t\t<div class=\"elementor-element elementor-element-e9a4c96 elementor-widget-divider--view-line elementor-widget elementor-widget-divider\" data-id=\"e9a4c96\" data-element_type=\"widget\" data-widget_type=\"divider.default\">\n\t\t\t\t<div class=\"elementor-widget-container\">\n\t\t\t\t\t\t\t<div class=\"elementor-divider\">\n\t\t\t<span class=\"elementor-divider-separator\">\n\t\t\t\t\t\t<\/span>\n\t\t<\/div>\n\t\t\t\t\t\t<\/div>\n\t\t\t\t<\/div>\n\t\t\t\t\t<\/div>\n\t\t<\/div>\n\t\t\t\t\t<\/div>\n\t\t<\/section>\n\t\t\t\t<section class=\"elementor-section elementor-top-section elementor-element elementor-element-7b0e581 elementor-section-boxed elementor-section-height-default elementor-section-height-default\" data-id=\"7b0e581\" data-element_type=\"section\">\n\t\t\t\t\t\t<div class=\"elementor-container elementor-column-gap-default\">\n\t\t\t\t\t<div class=\"elementor-column elementor-col-100 elementor-top-column elementor-element elementor-element-53da2b7\" data-id=\"53da2b7\" data-element_type=\"column\">\n\t\t\t<div class=\"elementor-widget-wrap elementor-element-populated\">\n\t\t\t\t\t\t<div class=\"elementor-element elementor-element-826ce53 elementor-widget elementor-widget-text-editor\" data-id=\"826ce53\" data-element_type=\"widget\" data-widget_type=\"text-editor.default\">\n\t\t\t\t<div class=\"elementor-widget-container\">\n\t\t\t\t\t\t\t\t\t<p>To raise awareness of the importance of social cohesion and living well together, the MEC has organised a number of exhibitions in the Mullerthal region, some of which have travelled throughout the Grand Duchy.<\/p><p>If you have any <strong>exhibition projects<\/strong> that you would like to show in <strong>our region<\/strong>, please do not hesitate to contact us.<\/p><p> <\/p>\t\t\t\t\t\t\t\t<\/div>\n\t\t\t\t<\/div>\n\t\t\t\t\t<\/div>\n\t\t<\/div>\n\t\t\t\t\t<\/div>\n\t\t<\/section>\n\t\t\t\t<section class=\"elementor-section elementor-top-section elementor-element elementor-element-b807c36 elementor-section-boxed elementor-section-height-default elementor-section-height-default\" data-id=\"b807c36\" data-element_type=\"section\">\n\t\t\t\t\t\t<div class=\"elementor-container elementor-column-gap-default\">\n\t\t\t\t\t<div class=\"elementor-column elementor-col-100 elementor-top-column elementor-element elementor-element-d9a5550\" data-id=\"d9a5550\" data-element_type=\"column\">\n\t\t\t<div class=\"elementor-widget-wrap elementor-element-populated\">\n\t\t\t\t\t\t<div class=\"elementor-element elementor-element-bbdf8d0 elementor-widget elementor-widget-pp-advanced-accordion\" data-id=\"bbdf8d0\" data-element_type=\"widget\" data-settings=\"{&quot;accordion_type&quot;:&quot;accordion&quot;,&quot;toggle_speed&quot;:300}\" data-widget_type=\"pp-advanced-accordion.default\">\n\t\t\t\t<div class=\"elementor-widget-container\">\n\t\t\t\t\t\t\t<div class=\"pp-advanced-accordion pp-toggle-icon-align-right\" id=\"pp-advanced-accordion-bbdf8d0\" data-accordion-id=\"bbdf8d0\" role=\"tablist\">\n\t\t\t\t\t\t\t<div class=\"pp-accordion-item\">\n\t\t\t\t\t\t\t\t\t\t<div id=\"pp-accordion-tab-title-1961\" class=\"pp-accordion-tab-title\" tabindex=\"0\" data-tab=\"1\" role=\"tab\" aria-controls=\"pp-accordion-tab-content-1961\" aria-expanded=\"false\">\n\t\t\t\t\t\t<span class=\"pp-accordion-title-icon\">\n\t\t\t\t\t\t\t\t\t\t\t\t\t\t<span class=\"pp-accordion-title-text\">\n\t\t\t\t\t\t\t\tMove Together # Respect - 2018-2019 - Grand-Duch\u00e9 Luxembourg\t\t\t\t\t\t\t<\/span>\n\t\t\t\t\t\t<\/span>\n\t\t\t\t\t\t\t\t\t\t\t\t\t<div class=\"pp-accordion-toggle-icon\">\n\t\t\t\t\t\t\t\t\t\t\t\t\t\t\t\t\t<span class='pp-accordion-toggle-icon-close pp-icon'>\n\t\t\t\t\t\t\t\t\t\t<i aria-hidden=\"true\" class=\"fas fa-caret-down\"><\/i>\t\t\t\t\t\t\t\t\t<\/span>\n\t\t\t\t\t\t\t\t\t\t\t\t\t\t\t\t\t\t\t\t\t\t\t\t\t<span class='pp-accordion-toggle-icon-open pp-icon'>\n\t\t\t\t\t\t\t\t\t\t<i aria-hidden=\"true\" class=\"fas fa-minus\"><\/i>\t\t\t\t\t\t\t\t\t<\/span>\n\t\t\t\t\t\t\t\t\t\t\t\t\t\t\t<\/div>\n\t\t\t\t\t\t\t\t\t\t\t<\/div>\n\n\t\t\t\t\t<div id=\"pp-accordion-tab-content-1961\" class=\"pp-accordion-tab-content\" data-tab=\"1\" role=\"tabpanel\" aria-labelledby=\"pp-accordion-tab-title-1961\">\n\t\t\t\t\t\t\t\t<div data-elementor-type=\"section\" data-elementor-id=\"12196\" class=\"elementor elementor-12196 elementor-917\" data-elementor-post-type=\"elementor_library\">\n\t\t\t\t\t<section class=\"elementor-section elementor-top-section elementor-element elementor-element-94490b2 elementor-section-boxed elementor-section-height-default elementor-section-height-default\" data-id=\"94490b2\" data-element_type=\"section\" data-settings=\"{&quot;background_background&quot;:&quot;classic&quot;}\">\n\t\t\t\t\t\t<div class=\"elementor-container elementor-column-gap-default\">\n\t\t\t\t\t<div class=\"elementor-column elementor-col-50 elementor-top-column elementor-element elementor-element-0d6a696\" data-id=\"0d6a696\" data-element_type=\"column\">\n\t\t\t<div class=\"elementor-widget-wrap elementor-element-populated\">\n\t\t\t\t\t\t<div class=\"elementor-element elementor-element-006ea13 elementor-invisible elementor-widget elementor-widget-image\" data-id=\"006ea13\" data-element_type=\"widget\" data-settings=\"{&quot;_animation&quot;:&quot;zoomIn&quot;}\" data-widget_type=\"image.default\">\n\t\t\t\t<div class=\"elementor-widget-container\">\n\t\t\t\t\t\t\t\t\t\t\t\t\t\t\t<img fetchpriority=\"high\" decoding=\"async\" width=\"1754\" height=\"2481\" src=\"https:\/\/mecasbl.lu\/wp-content\/uploads\/2021\/06\/move-together-exposition-mecasbl.jpg\" class=\"attachment-full size-full wp-image-11511\" alt=\"cover-exposition-respect-movetogether\" srcset=\"https:\/\/mecasbl.lu\/wp-content\/uploads\/2021\/06\/move-together-exposition-mecasbl.jpg 1754w, https:\/\/mecasbl.lu\/wp-content\/uploads\/2021\/06\/move-together-exposition-mecasbl-600x849.jpg 600w, https:\/\/mecasbl.lu\/wp-content\/uploads\/2021\/06\/move-together-exposition-mecasbl-212x300.jpg 212w, https:\/\/mecasbl.lu\/wp-content\/uploads\/2021\/06\/move-together-exposition-mecasbl-724x1024.jpg 724w, https:\/\/mecasbl.lu\/wp-content\/uploads\/2021\/06\/move-together-exposition-mecasbl-768x1086.jpg 768w, https:\/\/mecasbl.lu\/wp-content\/uploads\/2021\/06\/move-together-exposition-mecasbl-1086x1536.jpg 1086w, https:\/\/mecasbl.lu\/wp-content\/uploads\/2021\/06\/move-together-exposition-mecasbl-1448x2048.jpg 1448w\" sizes=\"(max-width: 1754px) 100vw, 1754px\" \/>\t\t\t\t\t\t\t\t\t\t\t\t\t\t\t<\/div>\n\t\t\t\t<\/div>\n\t\t\t\t\t<\/div>\n\t\t<\/div>\n\t\t\t\t<div class=\"elementor-column elementor-col-50 elementor-top-column elementor-element elementor-element-b9e3356\" data-id=\"b9e3356\" data-element_type=\"column\">\n\t\t\t<div class=\"elementor-widget-wrap elementor-element-populated\">\n\t\t\t\t\t\t<div class=\"elementor-element elementor-element-e17c76b elementor-widget elementor-widget-heading\" data-id=\"e17c76b\" data-element_type=\"widget\" data-widget_type=\"heading.default\">\n\t\t\t\t<div class=\"elementor-widget-container\">\n\t\t\t\t\t<h2 class=\"elementor-heading-title elementor-size-default\">Move Together #Respect\n<\/h2>\t\t\t\t<\/div>\n\t\t\t\t<\/div>\n\t\t\t\t<div class=\"elementor-element elementor-element-c5aa8f3 elementor-widget elementor-widget-heading\" data-id=\"c5aa8f3\" data-element_type=\"widget\" data-widget_type=\"heading.default\">\n\t\t\t\t<div class=\"elementor-widget-container\">\n\t\t\t\t\t<h3 class=\"elementor-heading-title elementor-size-default\">Synopsis :\n<\/h3>\t\t\t\t<\/div>\n\t\t\t\t<\/div>\n\t\t\t\t<div class=\"elementor-element elementor-element-468710c elementor-widget elementor-widget-text-editor\" data-id=\"468710c\" data-element_type=\"widget\" data-widget_type=\"text-editor.default\">\n\t\t\t\t<div class=\"elementor-widget-container\">\n\t\t\t\t\t\t\t\t\t<div class=\"wpb_text_column wpb_content_element \"><div class=\"wpb_wrapper\"><p>To raise <strong>awareness <\/strong>of the concept of <strong>Respect<\/strong>, the MEC asbl has created the <strong>Move Together #Respect<\/strong> photographic <strong>exhibition<\/strong>, comprising 18 panels and 6 banners.<\/p><p>The aim was to remind people of the importance of respect in everyday life, regardless of their beliefs, political convictions or social allegiances.<\/p><p><strong>Eighteen sub-themes<\/strong> were therefore identified, and <strong>partners <\/strong>were invited to use their creativity to express their notion of respect through a <strong>photograph<\/strong>:<\/p><p>L&#8217;Asile National pour Animaux (animals), Inter-Action (homeless), F\u00e9d\u00e9ration Nationale des Eclaireurs et Eclaireuses du Luxembourg (friendship), ASTI (ethnic groups), BGL BNP Paribas (work), Unicef (children), Centre pour l&#8217;Egalit\u00e9 de Traitement (human rights), Rosa L\u00ebtzebuerg (homosexuality), InfoMann (gender equality), M\u00e9decins du Monde (health), RBS-Center fir Altersfroen (senior citizens), SuperDrecksK\u00ebscht (nature), Association Nationale des Victimes de la Route -A. V.R (traffic), Planning Familial (sex), Info Handicap (disability), l&#8217;essentiel (communication), l&#8217;action Groupe Inter-Religions (religion), Families First Luxembourg -Croix Rouge luxembourgeoise (family).<\/p><p>All the photos were designed by Riyadh Almajmas, a photographer of Iraqi origin who arrived in the Grand Duchy of Luxembourg in 2016.<\/p><p>The exhibition has received financial support from the Oeuvre Nationale de Secours Grande-Duchesse Charlotte, BGL BNP Paribas, the Minist\u00e8re de l&#8217;Egalit\u00e9 des Chances, the newspaper l&#8217;essentiel and the garage Kruft.<\/p><p>Inaugurated at the headquarters of BGL BNP Paribas in May 2018, it then travelled around Luxembourg:<\/p><ul><li>Trifolion &#8211; Echternach from 29 May to 19 June 2018<\/li><li>Th\u00e9\u00e2tre d&#8217;Esch &#8211; Esch-sur-Alzette from 7 to 15 July 2018<\/li><li>Cactus Belle-Etoile &#8211; Strassen from 30 October to 10 November 2018<\/li><li>Aquasud &#8211; Differdange from 26 November to 21 December 2018<\/li><li>From autumn 2019: SHUK &#8211; Kirchberg<\/li><\/ul><\/div><\/div><div class=\"vc_separator wpb_content_element vc_el_width_100\"> <\/div>\t\t\t\t\t\t\t\t<\/div>\n\t\t\t\t<\/div>\n\t\t\t\t\t<\/div>\n\t\t<\/div>\n\t\t\t\t\t<\/div>\n\t\t<\/section>\n\t\t\t\t<\/div>\n\t\t\t\t\t\t\t<\/div>\n\t\t\t\t<\/div>\n\t\t\t\t\t\t\t<div class=\"pp-accordion-item\">\n\t\t\t\t\t\t\t\t\t\t<div id=\"pp-accordion-tab-title-1962\" class=\"pp-accordion-tab-title\" tabindex=\"0\" data-tab=\"2\" role=\"tab\" aria-controls=\"pp-accordion-tab-content-1962\" aria-expanded=\"false\">\n\t\t\t\t\t\t<span class=\"pp-accordion-title-icon\">\n\t\t\t\t\t\t\t\t\t\t\t\t\t\t<span class=\"pp-accordion-title-text\">\n\t\t\t\t\t\t\t\tDes Mots Pour Refuge | 16 Au 30 Novembre 2015 | Trifolion Echternach\t\t\t\t\t\t\t<\/span>\n\t\t\t\t\t\t<\/span>\n\t\t\t\t\t\t\t\t\t\t\t\t\t<div class=\"pp-accordion-toggle-icon\">\n\t\t\t\t\t\t\t\t\t\t\t\t\t\t\t\t\t<span class='pp-accordion-toggle-icon-close pp-icon'>\n\t\t\t\t\t\t\t\t\t\t<i aria-hidden=\"true\" class=\"fas fa-caret-down\"><\/i>\t\t\t\t\t\t\t\t\t<\/span>\n\t\t\t\t\t\t\t\t\t\t\t\t\t\t\t\t\t\t\t\t\t\t\t\t\t<span class='pp-accordion-toggle-icon-open pp-icon'>\n\t\t\t\t\t\t\t\t\t\t<i aria-hidden=\"true\" class=\"fas fa-minus\"><\/i>\t\t\t\t\t\t\t\t\t<\/span>\n\t\t\t\t\t\t\t\t\t\t\t\t\t\t\t<\/div>\n\t\t\t\t\t\t\t\t\t\t\t<\/div>\n\n\t\t\t\t\t<div id=\"pp-accordion-tab-content-1962\" class=\"pp-accordion-tab-content\" data-tab=\"2\" role=\"tabpanel\" aria-labelledby=\"pp-accordion-tab-title-1962\">\n\t\t\t\t\t\t\t\t<div data-elementor-type=\"section\" data-elementor-id=\"12198\" class=\"elementor elementor-12198 elementor-931\" data-elementor-post-type=\"elementor_library\">\n\t\t\t\t\t<section class=\"elementor-section elementor-top-section elementor-element elementor-element-c879281 elementor-section-boxed elementor-section-height-default elementor-section-height-default\" data-id=\"c879281\" data-element_type=\"section\" data-settings=\"{&quot;background_background&quot;:&quot;classic&quot;}\">\n\t\t\t\t\t\t<div class=\"elementor-container elementor-column-gap-default\">\n\t\t\t\t\t<div class=\"elementor-column elementor-col-50 elementor-top-column elementor-element elementor-element-abf4567\" data-id=\"abf4567\" data-element_type=\"column\">\n\t\t\t<div class=\"elementor-widget-wrap elementor-element-populated\">\n\t\t\t\t\t\t<div class=\"elementor-element elementor-element-87309bc elementor-invisible elementor-widget elementor-widget-image\" data-id=\"87309bc\" data-element_type=\"widget\" data-settings=\"{&quot;_animation&quot;:&quot;zoomIn&quot;}\" data-widget_type=\"image.default\">\n\t\t\t\t<div class=\"elementor-widget-container\">\n\t\t\t\t\t\t\t\t\t\t\t\t\t\t\t<img decoding=\"async\" width=\"584\" height=\"628\" src=\"https:\/\/mecasbl.lu\/wp-content\/uploads\/2021\/06\/des-mots-pour-refuge-exposition-mecasbl.jpg\" class=\"attachment-full size-full wp-image-11512\" alt=\"couverture-photographies-mots-pour-refuge\" srcset=\"https:\/\/mecasbl.lu\/wp-content\/uploads\/2021\/06\/des-mots-pour-refuge-exposition-mecasbl.jpg 584w, https:\/\/mecasbl.lu\/wp-content\/uploads\/2021\/06\/des-mots-pour-refuge-exposition-mecasbl-279x300.jpg 279w\" sizes=\"(max-width: 584px) 100vw, 584px\" \/>\t\t\t\t\t\t\t\t\t\t\t\t\t\t\t<\/div>\n\t\t\t\t<\/div>\n\t\t\t\t\t<\/div>\n\t\t<\/div>\n\t\t\t\t<div class=\"elementor-column elementor-col-50 elementor-top-column elementor-element elementor-element-ed944d8\" data-id=\"ed944d8\" data-element_type=\"column\">\n\t\t\t<div class=\"elementor-widget-wrap elementor-element-populated\">\n\t\t\t\t\t\t<div class=\"elementor-element elementor-element-659a601 elementor-widget elementor-widget-heading\" data-id=\"659a601\" data-element_type=\"widget\" data-widget_type=\"heading.default\">\n\t\t\t\t<div class=\"elementor-widget-container\">\n\t\t\t\t\t<h2 class=\"elementor-heading-title elementor-size-default\">\u00ab Des Mots pour Refuge \u00bb<\/h2>\t\t\t\t<\/div>\n\t\t\t\t<\/div>\n\t\t\t\t<div class=\"elementor-element elementor-element-baa4106 elementor-widget elementor-widget-heading\" data-id=\"baa4106\" data-element_type=\"widget\" data-widget_type=\"heading.default\">\n\t\t\t\t<div class=\"elementor-widget-container\">\n\t\t\t\t\t<h3 class=\"elementor-heading-title elementor-size-default\">Synopsis :\n<\/h3>\t\t\t\t<\/div>\n\t\t\t\t<\/div>\n\t\t\t\t<div class=\"elementor-element elementor-element-007a95b elementor-widget elementor-widget-text-editor\" data-id=\"007a95b\" data-element_type=\"widget\" data-widget_type=\"text-editor.default\">\n\t\t\t\t<div class=\"elementor-widget-container\">\n\t\t\t\t\t\t\t\t\t<p class=\"p1\"><span class=\"s1\">Since the beginning of the Syrian crisis, <strong>the humanitarian situation in Syria and neighbouring countries has continued to worsen<\/strong>. While the Arab and Western media focus on the political and economic consequences of the situation, little attention is paid to the growing number of internally displaced people and refugees, their stories, their suffering and their need for assistance.<\/span><\/p><p class=\"p1\"><span class=\"s1\">Raising awareness <strong>of the humanitarian crisis in Syria<\/strong> and surrounding countries should be a priority for <strong>humanitarian organisations<\/strong> involved in responding to this crisis, as well as for civil society in Western and Arab countries. <strong>Because of the suffering and hardship they are going through, but also because of their extraordinary courage and vitality<\/strong>, the Syrian people deserve and need, now more than ever, to become a priority for the world once again.<\/span><\/p><p class=\"p2\"><span class=\"s1\">In order to contribute to this objective, the exhibition we are proposing presents the public with <strong>a collection of personal stories of Syrian refugees in Lebanon and Jordan, combining their stories, their voices and their images<\/strong>. The focus is on the tragedies experienced by each person in Syria, their current living conditions in their country of refuge, and their humanitarian needs.<\/span><\/p>\t\t\t\t\t\t\t\t<\/div>\n\t\t\t\t<\/div>\n\t\t\t\t\t<\/div>\n\t\t<\/div>\n\t\t\t\t\t<\/div>\n\t\t<\/section>\n\t\t\t\t<\/div>\n\t\t\t\t\t\t\t<\/div>\n\t\t\t\t<\/div>\n\t\t\t\t\t\t\t<div class=\"pp-accordion-item\">\n\t\t\t\t\t\t\t\t\t\t<div id=\"pp-accordion-tab-title-1963\" class=\"pp-accordion-tab-title\" tabindex=\"0\" data-tab=\"3\" role=\"tab\" aria-controls=\"pp-accordion-tab-content-1963\" aria-expanded=\"false\">\n\t\t\t\t\t\t<span class=\"pp-accordion-title-icon\">\n\t\t\t\t\t\t\t\t\t\t\t\t\t\t<span class=\"pp-accordion-title-text\">\n\t\t\t\t\t\t\t\tFemmes, Sciences Et Technologies | 15 Au 24 Mars 2010 | Trifolion Echternach\t\t\t\t\t\t\t<\/span>\n\t\t\t\t\t\t<\/span>\n\t\t\t\t\t\t\t\t\t\t\t\t\t<div class=\"pp-accordion-toggle-icon\">\n\t\t\t\t\t\t\t\t\t\t\t\t\t\t\t\t\t<span class='pp-accordion-toggle-icon-close pp-icon'>\n\t\t\t\t\t\t\t\t\t\t<i aria-hidden=\"true\" class=\"fas fa-caret-down\"><\/i>\t\t\t\t\t\t\t\t\t<\/span>\n\t\t\t\t\t\t\t\t\t\t\t\t\t\t\t\t\t\t\t\t\t\t\t\t\t<span class='pp-accordion-toggle-icon-open pp-icon'>\n\t\t\t\t\t\t\t\t\t\t<i aria-hidden=\"true\" class=\"fas fa-minus\"><\/i>\t\t\t\t\t\t\t\t\t<\/span>\n\t\t\t\t\t\t\t\t\t\t\t\t\t\t\t<\/div>\n\t\t\t\t\t\t\t\t\t\t\t<\/div>\n\n\t\t\t\t\t<div id=\"pp-accordion-tab-content-1963\" class=\"pp-accordion-tab-content\" data-tab=\"3\" role=\"tabpanel\" aria-labelledby=\"pp-accordion-tab-title-1963\">\n\t\t\t\t\t\t\t\t<div data-elementor-type=\"section\" data-elementor-id=\"12200\" class=\"elementor elementor-12200 elementor-940\" data-elementor-post-type=\"elementor_library\">\n\t\t\t\t\t<section class=\"elementor-section elementor-top-section elementor-element elementor-element-a3b417a elementor-section-boxed elementor-section-height-default elementor-section-height-default\" data-id=\"a3b417a\" data-element_type=\"section\" data-settings=\"{&quot;background_background&quot;:&quot;classic&quot;}\">\n\t\t\t\t\t\t<div class=\"elementor-container elementor-column-gap-default\">\n\t\t\t\t\t<div class=\"elementor-column elementor-col-50 elementor-top-column elementor-element elementor-element-7155b13\" data-id=\"7155b13\" data-element_type=\"column\">\n\t\t\t<div class=\"elementor-widget-wrap elementor-element-populated\">\n\t\t\t\t\t\t<div class=\"elementor-element elementor-element-19fbb0b elementor-invisible elementor-widget elementor-widget-image\" data-id=\"19fbb0b\" data-element_type=\"widget\" data-settings=\"{&quot;_animation&quot;:&quot;zoomIn&quot;}\" data-widget_type=\"image.default\">\n\t\t\t\t<div class=\"elementor-widget-container\">\n\t\t\t\t\t\t\t\t\t\t\t\t\t\t\t<img decoding=\"async\" width=\"2483\" height=\"1760\" src=\"https:\/\/mecasbl.lu\/wp-content\/uploads\/2021\/06\/celebration-journee-internationale-femme-2010-exposition-mecasbl-min.jpg\" class=\"attachment-full size-full wp-image-11513\" alt=\"affiche-exposition-journee-internationale-femme-2010\" srcset=\"https:\/\/mecasbl.lu\/wp-content\/uploads\/2021\/06\/celebration-journee-internationale-femme-2010-exposition-mecasbl-min.jpg 2483w, https:\/\/mecasbl.lu\/wp-content\/uploads\/2021\/06\/celebration-journee-internationale-femme-2010-exposition-mecasbl-min-600x425.jpg 600w, https:\/\/mecasbl.lu\/wp-content\/uploads\/2021\/06\/celebration-journee-internationale-femme-2010-exposition-mecasbl-min-300x213.jpg 300w, https:\/\/mecasbl.lu\/wp-content\/uploads\/2021\/06\/celebration-journee-internationale-femme-2010-exposition-mecasbl-min-1024x726.jpg 1024w, https:\/\/mecasbl.lu\/wp-content\/uploads\/2021\/06\/celebration-journee-internationale-femme-2010-exposition-mecasbl-min-768x544.jpg 768w, https:\/\/mecasbl.lu\/wp-content\/uploads\/2021\/06\/celebration-journee-internationale-femme-2010-exposition-mecasbl-min-1536x1089.jpg 1536w, https:\/\/mecasbl.lu\/wp-content\/uploads\/2021\/06\/celebration-journee-internationale-femme-2010-exposition-mecasbl-min-2048x1452.jpg 2048w\" sizes=\"(max-width: 2483px) 100vw, 2483px\" \/>\t\t\t\t\t\t\t\t\t\t\t\t\t\t\t<\/div>\n\t\t\t\t<\/div>\n\t\t\t\t\t<\/div>\n\t\t<\/div>\n\t\t\t\t<div class=\"elementor-column elementor-col-50 elementor-top-column elementor-element elementor-element-3623dc1\" data-id=\"3623dc1\" data-element_type=\"column\">\n\t\t\t<div class=\"elementor-widget-wrap elementor-element-populated\">\n\t\t\t\t\t\t<div class=\"elementor-element elementor-element-aebc936 elementor-widget elementor-widget-heading\" data-id=\"aebc936\" data-element_type=\"widget\" data-widget_type=\"heading.default\">\n\t\t\t\t<div class=\"elementor-widget-container\">\n\t\t\t\t\t<h2 class=\"elementor-heading-title elementor-size-default\">\u00ab Femmes, Science et Technologies \u00bb\n<\/h2>\t\t\t\t<\/div>\n\t\t\t\t<\/div>\n\t\t\t\t<div class=\"elementor-element elementor-element-06742b2 elementor-widget elementor-widget-heading\" data-id=\"06742b2\" data-element_type=\"widget\" data-widget_type=\"heading.default\">\n\t\t\t\t<div class=\"elementor-widget-container\">\n\t\t\t\t\t<h3 class=\"elementor-heading-title elementor-size-default\">Synopsis :\n<\/h3>\t\t\t\t<\/div>\n\t\t\t\t<\/div>\n\t\t\t\t<div class=\"elementor-element elementor-element-b07e290 elementor-widget elementor-widget-text-editor\" data-id=\"b07e290\" data-element_type=\"widget\" data-widget_type=\"text-editor.default\">\n\t\t\t\t<div class=\"elementor-widget-container\">\n\t\t\t\t\t\t\t\t\t<p>Designed and produced by<strong> the Maison des Sciences de Li\u00e8ge<\/strong>, the exhibition is sometimes humorous in tone and comprises 45 informative panels, including 33 <strong>biographical panels of women scientists<\/strong> and 12 \u2018Nobel Prize\u2019 panels. It&#8217;s an excellent opportunity to <strong>highlight the often overlooked role played by women in the history of science<\/strong>, and to motivate young girls &#8211; potential scientists or technicians &#8211; to take up this type of study. <\/p>\t\t\t\t\t\t\t\t<\/div>\n\t\t\t\t<\/div>\n\t\t\t\t\t<\/div>\n\t\t<\/div>\n\t\t\t\t\t<\/div>\n\t\t<\/section>\n\t\t\t\t<\/div>\n\t\t\t\t\t\t\t<\/div>\n\t\t\t\t<\/div>\n\t\t\t\t\t\t\t<div class=\"pp-accordion-item\">\n\t\t\t\t\t\t\t\t\t\t<div id=\"pp-accordion-tab-title-1964\" class=\"pp-accordion-tab-title\" tabindex=\"0\" data-tab=\"4\" role=\"tab\" aria-controls=\"pp-accordion-tab-content-1964\" aria-expanded=\"false\">\n\t\t\t\t\t\t<span class=\"pp-accordion-title-icon\">\n\t\t\t\t\t\t\t\t\t\t\t\t\t\t<span class=\"pp-accordion-title-text\">\n\t\t\t\t\t\t\t\tFrauen Im KZ Ravensbr\u00fcck | 20 Septembre Au 9 Octobre 2008 | Trifolion Echternach\t\t\t\t\t\t\t<\/span>\n\t\t\t\t\t\t<\/span>\n\t\t\t\t\t\t\t\t\t\t\t\t\t<div class=\"pp-accordion-toggle-icon\">\n\t\t\t\t\t\t\t\t\t\t\t\t\t\t\t\t\t<span class='pp-accordion-toggle-icon-close pp-icon'>\n\t\t\t\t\t\t\t\t\t\t<i aria-hidden=\"true\" class=\"fas fa-caret-down\"><\/i>\t\t\t\t\t\t\t\t\t<\/span>\n\t\t\t\t\t\t\t\t\t\t\t\t\t\t\t\t\t\t\t\t\t\t\t\t\t<span class='pp-accordion-toggle-icon-open pp-icon'>\n\t\t\t\t\t\t\t\t\t\t<i aria-hidden=\"true\" class=\"fas fa-minus\"><\/i>\t\t\t\t\t\t\t\t\t<\/span>\n\t\t\t\t\t\t\t\t\t\t\t\t\t\t\t<\/div>\n\t\t\t\t\t\t\t\t\t\t\t<\/div>\n\n\t\t\t\t\t<div id=\"pp-accordion-tab-content-1964\" class=\"pp-accordion-tab-content\" data-tab=\"4\" role=\"tabpanel\" aria-labelledby=\"pp-accordion-tab-title-1964\">\n\t\t\t\t\t\t\t\t<div data-elementor-type=\"section\" data-elementor-id=\"12194\" class=\"elementor elementor-12194 elementor-893\" data-elementor-post-type=\"elementor_library\">\n\t\t\t\t\t<section class=\"elementor-section elementor-top-section elementor-element elementor-element-2f744f7 elementor-section-boxed elementor-section-height-default elementor-section-height-default\" data-id=\"2f744f7\" data-element_type=\"section\" data-settings=\"{&quot;background_background&quot;:&quot;classic&quot;}\">\n\t\t\t\t\t\t<div class=\"elementor-container elementor-column-gap-default\">\n\t\t\t\t\t<div class=\"elementor-column elementor-col-50 elementor-top-column elementor-element elementor-element-763426a\" data-id=\"763426a\" data-element_type=\"column\">\n\t\t\t<div class=\"elementor-widget-wrap elementor-element-populated\">\n\t\t\t\t\t\t<div class=\"elementor-element elementor-element-5064601 elementor-invisible elementor-widget elementor-widget-image\" data-id=\"5064601\" data-element_type=\"widget\" data-settings=\"{&quot;_animation&quot;:&quot;zoomIn&quot;}\" data-widget_type=\"image.default\">\n\t\t\t\t<div class=\"elementor-widget-container\">\n\t\t\t\t\t\t\t\t\t\t\t\t\t\t\t<img loading=\"lazy\" decoding=\"async\" width=\"1713\" height=\"2427\" src=\"https:\/\/mecasbl.lu\/wp-content\/uploads\/2021\/06\/Ravensbruck-exposition-mecasbl.jpg\" class=\"attachment-full size-full wp-image-11510\" alt=\"cover-frauen-im-kz-ravensbrueck\" srcset=\"https:\/\/mecasbl.lu\/wp-content\/uploads\/2021\/06\/Ravensbruck-exposition-mecasbl.jpg 1713w, https:\/\/mecasbl.lu\/wp-content\/uploads\/2021\/06\/Ravensbruck-exposition-mecasbl-600x850.jpg 600w, https:\/\/mecasbl.lu\/wp-content\/uploads\/2021\/06\/Ravensbruck-exposition-mecasbl-212x300.jpg 212w, https:\/\/mecasbl.lu\/wp-content\/uploads\/2021\/06\/Ravensbruck-exposition-mecasbl-723x1024.jpg 723w, https:\/\/mecasbl.lu\/wp-content\/uploads\/2021\/06\/Ravensbruck-exposition-mecasbl-768x1088.jpg 768w, https:\/\/mecasbl.lu\/wp-content\/uploads\/2021\/06\/Ravensbruck-exposition-mecasbl-1084x1536.jpg 1084w, https:\/\/mecasbl.lu\/wp-content\/uploads\/2021\/06\/Ravensbruck-exposition-mecasbl-1445x2048.jpg 1445w\" sizes=\"(max-width: 1713px) 100vw, 1713px\" \/>\t\t\t\t\t\t\t\t\t\t\t\t\t\t\t<\/div>\n\t\t\t\t<\/div>\n\t\t\t\t\t<\/div>\n\t\t<\/div>\n\t\t\t\t<div class=\"elementor-column elementor-col-50 elementor-top-column elementor-element elementor-element-7e9934b\" data-id=\"7e9934b\" data-element_type=\"column\">\n\t\t\t<div class=\"elementor-widget-wrap elementor-element-populated\">\n\t\t\t\t\t\t<div class=\"elementor-element elementor-element-fe6691a elementor-widget elementor-widget-heading\" data-id=\"fe6691a\" data-element_type=\"widget\" data-widget_type=\"heading.default\">\n\t\t\t\t<div class=\"elementor-widget-container\">\n\t\t\t\t\t<h2 class=\"elementor-heading-title elementor-size-default\">\u00ab Frauen im KZ Ravensbr\u00fcck \u00bb\n<\/h2>\t\t\t\t<\/div>\n\t\t\t\t<\/div>\n\t\t\t\t<div class=\"elementor-element elementor-element-8334d00 elementor-widget elementor-widget-heading\" data-id=\"8334d00\" data-element_type=\"widget\" data-widget_type=\"heading.default\">\n\t\t\t\t<div class=\"elementor-widget-container\">\n\t\t\t\t\t<h3 class=\"elementor-heading-title elementor-size-default\">Synopsis :\n<\/h3>\t\t\t\t<\/div>\n\t\t\t\t<\/div>\n\t\t\t\t<div class=\"elementor-element elementor-element-9ab649c elementor-widget elementor-widget-text-editor\" data-id=\"9ab649c\" data-element_type=\"widget\" data-widget_type=\"text-editor.default\">\n\t\t\t\t<div class=\"elementor-widget-container\">\n\t\t\t\t\t\t\t\t\t<div class=\"wpb_text_column wpb_content_element \"><div class=\"wpb_wrapper\"><p>The exhibition focuses on the <strong>women of the Ravensbr\u00fcck concentration camp<\/strong>. 161 Luxembourg women known by name to date were <strong>imprisoned as victims of National Socialist tyranny <\/strong>in the Ravensbr\u00fcck concentration camp.<\/p><p>This exhibition is dedicated to them, and to all the other inmates. The pupils and teachers who conceived and designed this exhibition wanted to <strong>share their impressions and stimulate intergenerational discussion<\/strong>. One pupil commented: &#8220;This part of our history must never be forgotten or even repeated! Every human being must help to prevent this. <\/p><p><strong>The exhibition includes an outdoor area as well as several indoor spaces.<\/strong><\/p><p><strong>Exterior<\/strong><\/p><p>The outdoor area, visible to all, announced and briefly explained the theme of the exhibition. On the outside walls, <strong>general information about the Ravensbr\u00fcck concentration camp<\/strong> and the current Ravensbr\u00fcck memorial were presented, <strong>as well as a list of the 161 known names of Luxembourg women imprisoned<\/strong> in the Ravensbr\u00fcck concentration camp. <\/p><p><strong>Interiors<\/strong><\/p><p>These rooms offered detailed information on the following subjects:<\/p><ul><li>From numbers to people<\/li><li>Identification of so-called protective prisoners in Nazi concentration camps<\/li><li>Children and births<\/li><li>Art as a form of resistance in the concentration camps<\/li><li>Concentration camp supervisors<\/li><li>A film made by students projected onto a stylised tree trunk in the interior centre.<\/li><\/ul><\/div><\/div><div class=\"vc_separator wpb_content_element vc_el_width_100\"> <\/div>\t\t\t\t\t\t\t\t<\/div>\n\t\t\t\t<\/div>\n\t\t\t\t\t<\/div>\n\t\t<\/div>\n\t\t\t\t\t<\/div>\n\t\t<\/section>\n\t\t\t\t<\/div>\n\t\t\t\t\t\t\t<\/div>\n\t\t\t\t<\/div>\n\t\t\t\t\t<\/div>\n\t\t\t\t\t\t<\/div>\n\t\t\t\t<\/div>\n\t\t\t\t\t<\/div>\n\t\t<\/div>\n\t\t\t\t\t<\/div>\n\t\t<\/section>\n\t\t\t\t<section class=\"elementor-section elementor-top-section elementor-element elementor-element-6b20132 elementor-section-boxed elementor-section-height-default elementor-section-height-default\" data-id=\"6b20132\" data-element_type=\"section\">\n\t\t\t\t\t\t<div class=\"elementor-container elementor-column-gap-default\">\n\t\t\t\t\t<div class=\"elementor-column elementor-col-100 elementor-top-column elementor-element elementor-element-f68629e\" data-id=\"f68629e\" data-element_type=\"column\">\n\t\t\t<div class=\"elementor-widget-wrap elementor-element-populated\">\n\t\t\t\t\t\t\t<\/div>\n\t\t<\/div>\n\t\t\t\t\t<\/div>\n\t\t<\/section>\n\t\t\t\t<\/div>\n\t\t","protected":false},"excerpt":{"rendered":"<p>Exhibitions Home To raise awareness of the importance of social cohesion and living well together, the MEC has organised a number of exhibitions in the Mullerthal region, some of which have travelled throughout the Grand Duchy. If you have any exhibition projects that you would like to show in our region, please do not hesitate [&hellip;]<\/p>\n","protected":false},"author":2,"featured_media":0,"parent":12210,"menu_order":1,"comment_status":"closed","ping_status":"closed","template":"elementor_header_footer","meta":{"_seopress_robots_primary_cat":"","_seopress_titles_title":"","_seopress_titles_desc":"","_seopress_robots_index":"","inline_featured_image":false,"footnotes":""},"class_list":["post-12104","page","type-page","status-publish","hentry"],"_links":{"self":[{"href":"https:\/\/mecasbl.lu\/en\/wp-json\/wp\/v2\/pages\/12104","targetHints":{"allow":["GET"]}}],"collection":[{"href":"https:\/\/mecasbl.lu\/en\/wp-json\/wp\/v2\/pages"}],"about":[{"href":"https:\/\/mecasbl.lu\/en\/wp-json\/wp\/v2\/types\/page"}],"author":[{"embeddable":true,"href":"https:\/\/mecasbl.lu\/en\/wp-json\/wp\/v2\/users\/2"}],"replies":[{"embeddable":true,"href":"https:\/\/mecasbl.lu\/en\/wp-json\/wp\/v2\/comments?post=12104"}],"version-history":[{"count":5,"href":"https:\/\/mecasbl.lu\/en\/wp-json\/wp\/v2\/pages\/12104\/revisions"}],"predecessor-version":[{"id":12211,"href":"https:\/\/mecasbl.lu\/en\/wp-json\/wp\/v2\/pages\/12104\/revisions\/12211"}],"up":[{"embeddable":true,"href":"https:\/\/mecasbl.lu\/en\/wp-json\/wp\/v2\/pages\/12210"}],"wp:attachment":[{"href":"https:\/\/mecasbl.lu\/en\/wp-json\/wp\/v2\/media?parent=12104"}],"curies":[{"name":"wp","href":"https:\/\/api.w.org\/{rel}","templated":true}]}}